{"id":1908,"date":"2020-07-06T08:26:22","date_gmt":"2020-07-06T08:26:22","guid":{"rendered":"https:\/\/bulentozalp.com\/index.php\/portre-fotograflar\/"},"modified":"2020-07-06T10:34:08","modified_gmt":"2020-07-06T10:34:08","slug":"portre-fotograflar","status":"publish","type":"page","link":"https:\/\/bulentozalp.com\/index.php\/portre-fotograflar\/","title":{"rendered":"PORTRE FOTO\u011eRAFLAR"},"content":{"rendered":"<div data-colibri-id=\"1908-c1\" class=\"style-765 style-local-1908-c1 position-relative\">\n  <!---->\n  <div data-colibri-component=\"section\" data-colibri-id=\"1908-c2\" id=\"custom\" class=\"h-section h-section-global-spacing d-flex align-items-lg-center align-items-md-center align-items-center style-766 style-local-1908-c2 position-relative\">\n    <!---->\n    <!---->\n    <div class=\"h-section-grid-container h-section-boxed-container\">\n      <!---->\n      <div data-colibri-id=\"1908-c3\" class=\"h-row-container gutters-row-lg-2 gutters-row-md-2 gutters-row-0 gutters-row-v-lg-2 gutters-row-v-md-2 gutters-row-v-2 style-770 style-local-1908-c3 position-relative\">\n        <!---->\n        <div class=\"h-row justify-content-lg-center justify-content-md-center justify-content-center align-items-lg-stretch align-items-md-stretch align-items-stretch gutters-col-lg-2 gutters-col-md-2 gutters-col-0 gutters-col-v-lg-2 gutters-col-v-md-2 gutters-col-v-2\">\n          <!---->\n          <div class=\"h-column h-column-container d-flex h-col-lg-auto h-col-md-auto h-col-auto style-771-outer style-local-1908-c4-outer\">\n            <div data-colibri-id=\"1908-c4\" class=\"d-flex h-flex-basis h-column__inner h-px-lg-2 h-px-md-2 h-px-2 v-inner-lg-2 v-inner-md-2 v-inner-2 style-771 style-local-1908-c4 position-relative\">\n              <!---->\n              <!---->\n              <div class=\"w-100 h-y-container h-column__content h-column__v-align flex-basis-100 align-self-lg-start align-self-md-start align-self-start\">\n                <!---->\n                <div data-colibri-id=\"1908-c5\" class=\"h-global-transition-all h-heading style-772 style-local-1908-c5 position-relative h-element\">\n                  <!---->\n                  <div class=\"h-heading__outer style-772 style-local-1908-c5\">\n                    <!---->\n                    <!---->\n                    <h1 class=\"\">PORTRE FOTO\u011eRAFLAR<\/h1>\n                  <\/div>\n                <\/div>\n              <\/div>\n            <\/div>\n          <\/div>\n        <\/div>\n      <\/div>\n      <div data-colibri-id=\"1908-c6\" class=\"h-row-container gutters-row-lg-2 gutters-row-md-2 gutters-row-0 gutters-row-v-lg-2 gutters-row-v-md-2 gutters-row-v-2 style-767 style-local-1908-c6 position-relative\">\n        <!---->\n        <div class=\"h-row justify-content-lg-center justify-content-md-center justify-content-center align-items-lg-stretch align-items-md-stretch align-items-stretch gutters-col-lg-2 gutters-col-md-2 gutters-col-0 gutters-col-v-lg-2 gutters-col-v-md-2 gutters-col-v-2\">\n          <!---->\n          <div class=\"h-column h-column-container d-flex h-col-lg-auto h-col-md-auto h-col-auto style-768-outer style-local-1908-c7-outer\">\n            <div data-colibri-id=\"1908-c7\" class=\"d-flex h-flex-basis h-column__inner h-px-lg-2 h-px-md-2 h-px-2 v-inner-lg-2 v-inner-md-2 v-inner-2 style-768 style-local-1908-c7 position-relative\">\n              <!---->\n              <!---->\n              <div class=\"w-100 h-y-container h-column__content h-column__v-align flex-basis-100 align-self-lg-start align-self-md-start align-self-start\">\n                <!---->\n                <div data-colibri-component=\"masonry\" data-colibri-id=\"1908-c8\" class=\"h-photo-gallery margin-none caption-none style-769 style-local-1908-c8 position-relative h-element\">\n                  <!---->\n                  <div class=\"h-global-transition-all\"><div id='colibri-1908-c8' class='gallery-wrapper'>    <style type=\"text\/css\">\n\n        @media (min-width: 1023px) {        #colibri-1908-c8        dl {\n            float: left;\n            width: 25% !important;\n            max-width: 25% !important;\n            min-width: 25% !important;\n        }\n\n        #colibri-1908-c8        dl:nth-of-type(4n +1 ) {\n            clear: both;\n        }\n\n        }@media (min-width: 768px) and (max-width: 1023px) {        #colibri-1908-c8        dl {\n            float: left;\n            width: 25% !important;\n            max-width: 25% !important;\n            min-width: 25% !important;\n        }\n\n        #colibri-1908-c8        dl:nth-of-type(4n +1 ) {\n            clear: both;\n        }\n\n        }@media (max-width: 767px) {        #colibri-1908-c8        dl {\n            float: left;\n            width: 25% !important;\n            max-width: 25% !important;\n            min-width: 25% !important;\n        }\n\n        #colibri-1908-c8        dl:nth-of-type(4n +1 ) {\n            clear: both;\n        }\n\n        }\n        #colibri-1908-c8        .gallery-item {\n            position: relative;\n        }\n\n        \n    <\/style>\n    <div   class='colibri-1908-c8-dls-wrapper gallery-items-wrapper' ><dl class='gallery-item masonry-item'>\n\t\t\t<dt class='gallery-icon portrait'>\n\t\t\t\t<a data-fancybox=\"colibri-1908-c8-group\" href='https:\/\/bulentozalp.com\/wp-content\/uploads\/2020\/07\/portre-fotograf-cekimi-ilber-ortayli-portre-fotograf-cekimi-atlas-dergisi-bulent-ozalp-866x1000-779x900-1.jpg'><img  width=\"779\" height=\"900\" src=\"https:\/\/bulentozalp.com\/wp-content\/uploads\/2020\/07\/portre-fotograf-cekimi-ilber-ortayli-portre-fotograf-cekimi-atlas-dergisi-bulent-ozalp-866x1000-779x900-1.jpg\"  class='colibri-1908-c8-image' alt=\"\" loading=\"lazy\" srcset=\"https:\/\/bulentozalp.com\/wp-content\/uploads\/2020\/07\/portre-fotograf-cekimi-ilber-ortayli-portre-fotograf-cekimi-atlas-dergisi-bulent-ozalp-866x1000-779x900-1.jpg 779w, https:\/\/bulentozalp.com\/wp-content\/uploads\/2020\/07\/portre-fotograf-cekimi-ilber-ortayli-portre-fotograf-cekimi-atlas-dergisi-bulent-ozalp-866x1000-779x900-1-260x300.jpg 260w, https:\/\/bulentozalp.com\/wp-content\/uploads\/2020\/07\/portre-fotograf-cekimi-ilber-ortayli-portre-fotograf-cekimi-atlas-dergisi-bulent-ozalp-866x1000-779x900-1-768x887.jpg 768w\" sizes=\"(max-width: 779px) 100vw, 779px\" \/><\/a>\n\t\t\t<\/dt><\/dl><dl class='gallery-item masonry-item'>\n\t\t\t<dt class='gallery-icon landscape'>\n\t\t\t\t<a data-fancybox=\"colibri-1908-c8-group\" href='https:\/\/bulentozalp.com\/wp-content\/uploads\/2020\/07\/cropped-orhan-pamuk-atlas-dergisi-Times-Weekend-portre-bulent-ozalp-photography-1619985-1200x730-1.jpg'><img  width=\"1024\" height=\"647\" src=\"https:\/\/bulentozalp.com\/wp-content\/uploads\/2020\/07\/cropped-orhan-pamuk-atlas-dergisi-Times-Weekend-portre-bulent-ozalp-photography-1619985-1200x730-1-1024x647.jpg\"  class='colibri-1908-c8-image' alt=\"\" loading=\"lazy\" srcset=\"https:\/\/bulentozalp.com\/wp-content\/uploads\/2020\/07\/cropped-orhan-pamuk-atlas-dergisi-Times-Weekend-portre-bulent-ozalp-photography-1619985-1200x730-1-1024x647.jpg 1024w, https:\/\/bulentozalp.com\/wp-content\/uploads\/2020\/07\/cropped-orhan-pamuk-atlas-dergisi-Times-Weekend-portre-bulent-ozalp-photography-1619985-1200x730-1-300x189.jpg 300w, https:\/\/bulentozalp.com\/wp-content\/uploads\/2020\/07\/cropped-orhan-pamuk-atlas-dergisi-Times-Weekend-portre-bulent-ozalp-photography-1619985-1200x730-1-768x485.jpg 768w, https:\/\/bulentozalp.com\/wp-content\/uploads\/2020\/07\/cropped-orhan-pamuk-atlas-dergisi-Times-Weekend-portre-bulent-ozalp-photography-1619985-1200x730-1.jpg 1156w\" sizes=\"(max-width: 1024px) 100vw, 1024px\" \/><\/a>\n\t\t\t<\/dt><\/dl><dl class='gallery-item masonry-item'>\n\t\t\t<dt class='gallery-icon landscape'>\n\t\t\t\t<a data-fancybox=\"colibri-1908-c8-group\" href='https:\/\/bulentozalp.com\/wp-content\/uploads\/2020\/07\/portre-fotograf-cekimi-orhan-pamuk-portre-fotograf-cekimi-atlas-dergisi-bulent-ozalp-1000x759-1.jpg'><img  width=\"1000\" height=\"759\" src=\"https:\/\/bulentozalp.com\/wp-content\/uploads\/2020\/07\/portre-fotograf-cekimi-orhan-pamuk-portre-fotograf-cekimi-atlas-dergisi-bulent-ozalp-1000x759-1.jpg\"  class='colibri-1908-c8-image' alt=\"\" loading=\"lazy\" srcset=\"https:\/\/bulentozalp.com\/wp-content\/uploads\/2020\/07\/portre-fotograf-cekimi-orhan-pamuk-portre-fotograf-cekimi-atlas-dergisi-bulent-ozalp-1000x759-1.jpg 1000w, https:\/\/bulentozalp.com\/wp-content\/uploads\/2020\/07\/portre-fotograf-cekimi-orhan-pamuk-portre-fotograf-cekimi-atlas-dergisi-bulent-ozalp-1000x759-1-300x228.jpg 300w, https:\/\/bulentozalp.com\/wp-content\/uploads\/2020\/07\/portre-fotograf-cekimi-orhan-pamuk-portre-fotograf-cekimi-atlas-dergisi-bulent-ozalp-1000x759-1-768x583.jpg 768w\" sizes=\"(max-width: 1000px) 100vw, 1000px\" \/><\/a>\n\t\t\t<\/dt><\/dl><dl class='gallery-item masonry-item'>\n\t\t\t<dt class='gallery-icon landscape'>\n\t\t\t\t<a data-fancybox=\"colibri-1908-c8-group\" href='https:\/\/bulentozalp.com\/wp-content\/uploads\/2020\/07\/portre-fotograf-cekimi-ilber-ortayli-portre-fotograf-cekimi-atlas-tarih-900x621-1.jpg'><img  width=\"900\" height=\"621\" src=\"https:\/\/bulentozalp.com\/wp-content\/uploads\/2020\/07\/portre-fotograf-cekimi-ilber-ortayli-portre-fotograf-cekimi-atlas-tarih-900x621-1.jpg\"  class='colibri-1908-c8-image' alt=\"\" loading=\"lazy\" srcset=\"https:\/\/bulentozalp.com\/wp-content\/uploads\/2020\/07\/portre-fotograf-cekimi-ilber-ortayli-portre-fotograf-cekimi-atlas-tarih-900x621-1.jpg 900w, https:\/\/bulentozalp.com\/wp-content\/uploads\/2020\/07\/portre-fotograf-cekimi-ilber-ortayli-portre-fotograf-cekimi-atlas-tarih-900x621-1-300x207.jpg 300w, https:\/\/bulentozalp.com\/wp-content\/uploads\/2020\/07\/portre-fotograf-cekimi-ilber-ortayli-portre-fotograf-cekimi-atlas-tarih-900x621-1-768x530.jpg 768w\" sizes=\"(max-width: 900px) 100vw, 900px\" \/><\/a>\n\t\t\t<\/dt><\/dl><dl class='gallery-item masonry-item'>\n\t\t\t<dt class='gallery-icon portrait'>\n\t\t\t\t<a data-fancybox=\"colibri-1908-c8-group\" href='https:\/\/bulentozalp.com\/wp-content\/uploads\/2020\/07\/portre-fotograf-cekimi-ilber-ortayli-portre-fotograf-cekimi-atlas-tarih-674x900-1.jpg'><img  width=\"674\" height=\"900\" src=\"https:\/\/bulentozalp.com\/wp-content\/uploads\/2020\/07\/portre-fotograf-cekimi-ilber-ortayli-portre-fotograf-cekimi-atlas-tarih-674x900-1.jpg\"  class='colibri-1908-c8-image' alt=\"\" loading=\"lazy\" srcset=\"https:\/\/bulentozalp.com\/wp-content\/uploads\/2020\/07\/portre-fotograf-cekimi-ilber-ortayli-portre-fotograf-cekimi-atlas-tarih-674x900-1.jpg 674w, https:\/\/bulentozalp.com\/wp-content\/uploads\/2020\/07\/portre-fotograf-cekimi-ilber-ortayli-portre-fotograf-cekimi-atlas-tarih-674x900-1-225x300.jpg 225w\" sizes=\"(max-width: 674px) 100vw, 674px\" \/><\/a>\n\t\t\t<\/dt><\/dl><dl class='gallery-item masonry-item'>\n\t\t\t<dt class='gallery-icon landscape'>\n\t\t\t\t<a data-fancybox=\"colibri-1908-c8-group\" href='https:\/\/bulentozalp.com\/wp-content\/uploads\/2020\/07\/portre-fotograf-cekimi-ilber-ortayli-portre-fotograf-cekimi-atlas-tarih-900x598-900x598-1.jpg'><img  width=\"900\" height=\"598\" src=\"https:\/\/bulentozalp.com\/wp-content\/uploads\/2020\/07\/portre-fotograf-cekimi-ilber-ortayli-portre-fotograf-cekimi-atlas-tarih-900x598-900x598-1.jpg\"  class='colibri-1908-c8-image' alt=\"\" loading=\"lazy\" srcset=\"https:\/\/bulentozalp.com\/wp-content\/uploads\/2020\/07\/portre-fotograf-cekimi-ilber-ortayli-portre-fotograf-cekimi-atlas-tarih-900x598-900x598-1.jpg 900w, https:\/\/bulentozalp.com\/wp-content\/uploads\/2020\/07\/portre-fotograf-cekimi-ilber-ortayli-portre-fotograf-cekimi-atlas-tarih-900x598-900x598-1-300x199.jpg 300w, https:\/\/bulentozalp.com\/wp-content\/uploads\/2020\/07\/portre-fotograf-cekimi-ilber-ortayli-portre-fotograf-cekimi-atlas-tarih-900x598-900x598-1-768x510.jpg 768w\" sizes=\"(max-width: 900px) 100vw, 900px\" \/><\/a>\n\t\t\t<\/dt><\/dl><dl class='gallery-item masonry-item'>\n\t\t\t<dt class='gallery-icon landscape'>\n\t\t\t\t<a data-fancybox=\"colibri-1908-c8-group\" href='https:\/\/bulentozalp.com\/wp-content\/uploads\/2020\/07\/portre-fotograf-cekimi-ilber-ortayli-portre-fotograf-cekimi-atlas-tarih-900x593-1.jpg'><img  width=\"900\" height=\"593\" src=\"https:\/\/bulentozalp.com\/wp-content\/uploads\/2020\/07\/portre-fotograf-cekimi-ilber-ortayli-portre-fotograf-cekimi-atlas-tarih-900x593-1.jpg\"  class='colibri-1908-c8-image' alt=\"\" loading=\"lazy\" srcset=\"https:\/\/bulentozalp.com\/wp-content\/uploads\/2020\/07\/portre-fotograf-cekimi-ilber-ortayli-portre-fotograf-cekimi-atlas-tarih-900x593-1.jpg 900w, https:\/\/bulentozalp.com\/wp-content\/uploads\/2020\/07\/portre-fotograf-cekimi-ilber-ortayli-portre-fotograf-cekimi-atlas-tarih-900x593-1-300x198.jpg 300w, https:\/\/bulentozalp.com\/wp-content\/uploads\/2020\/07\/portre-fotograf-cekimi-ilber-ortayli-portre-fotograf-cekimi-atlas-tarih-900x593-1-768x506.jpg 768w\" sizes=\"(max-width: 900px) 100vw, 900px\" \/><\/a>\n\t\t\t<\/dt><\/dl><dl class='gallery-item masonry-item'>\n\t\t\t<dt class='gallery-icon portrait'>\n\t\t\t\t<a data-fancybox=\"colibri-1908-c8-group\" href='https:\/\/bulentozalp.com\/wp-content\/uploads\/2020\/07\/portre-fotograf-cekimi-ilber-ortayli-portre-fotograf-cekimi-atlas-dergisi-bulent-ozalp-731x1000-1.jpg'><img  width=\"731\" height=\"1000\" src=\"https:\/\/bulentozalp.com\/wp-content\/uploads\/2020\/07\/portre-fotograf-cekimi-ilber-ortayli-portre-fotograf-cekimi-atlas-dergisi-bulent-ozalp-731x1000-1.jpg\"  class='colibri-1908-c8-image' alt=\"\" loading=\"lazy\" srcset=\"https:\/\/bulentozalp.com\/wp-content\/uploads\/2020\/07\/portre-fotograf-cekimi-ilber-ortayli-portre-fotograf-cekimi-atlas-dergisi-bulent-ozalp-731x1000-1.jpg 731w, https:\/\/bulentozalp.com\/wp-content\/uploads\/2020\/07\/portre-fotograf-cekimi-ilber-ortayli-portre-fotograf-cekimi-atlas-dergisi-bulent-ozalp-731x1000-1-219x300.jpg 219w\" sizes=\"(max-width: 731px) 100vw, 731px\" \/><\/a>\n\t\t\t<\/dt><\/dl><dl class='gallery-item masonry-item'>\n\t\t\t<dt class='gallery-icon landscape'>\n\t\t\t\t<a data-fancybox=\"colibri-1908-c8-group\" href='https:\/\/bulentozalp.com\/wp-content\/uploads\/2020\/07\/portre-fotograf-cekimi-ilber-ortayli-portre-fotograf-cekimi-atlas-dergisi-bulent-ozalp-2-1000x667-1.jpg'><img  width=\"1000\" height=\"667\" src=\"https:\/\/bulentozalp.com\/wp-content\/uploads\/2020\/07\/portre-fotograf-cekimi-ilber-ortayli-portre-fotograf-cekimi-atlas-dergisi-bulent-ozalp-2-1000x667-1.jpg\"  class='colibri-1908-c8-image' alt=\"\" loading=\"lazy\" srcset=\"https:\/\/bulentozalp.com\/wp-content\/uploads\/2020\/07\/portre-fotograf-cekimi-ilber-ortayli-portre-fotograf-cekimi-atlas-dergisi-bulent-ozalp-2-1000x667-1.jpg 1000w, https:\/\/bulentozalp.com\/wp-content\/uploads\/2020\/07\/portre-fotograf-cekimi-ilber-ortayli-portre-fotograf-cekimi-atlas-dergisi-bulent-ozalp-2-1000x667-1-300x200.jpg 300w, https:\/\/bulentozalp.com\/wp-content\/uploads\/2020\/07\/portre-fotograf-cekimi-ilber-ortayli-portre-fotograf-cekimi-atlas-dergisi-bulent-ozalp-2-1000x667-1-768x512.jpg 768w\" sizes=\"(max-width: 1000px) 100vw, 1000px\" \/><\/a>\n\t\t\t<\/dt><\/dl><dl class='gallery-item masonry-item'>\n\t\t\t<dt class='gallery-icon landscape'>\n\t\t\t\t<a data-fancybox=\"colibri-1908-c8-group\" href='https:\/\/bulentozalp.com\/wp-content\/uploads\/2020\/07\/portre-fotograf-cekimi-ilber-ortayli-portre-fotograf-cekimi-atlas-dergisi-bulent-ozalp-1000x827-1.jpg'><img  width=\"1000\" height=\"827\" src=\"https:\/\/bulentozalp.com\/wp-content\/uploads\/2020\/07\/portre-fotograf-cekimi-ilber-ortayli-portre-fotograf-cekimi-atlas-dergisi-bulent-ozalp-1000x827-1.jpg\"  class='colibri-1908-c8-image' alt=\"\" loading=\"lazy\" srcset=\"https:\/\/bulentozalp.com\/wp-content\/uploads\/2020\/07\/portre-fotograf-cekimi-ilber-ortayli-portre-fotograf-cekimi-atlas-dergisi-bulent-ozalp-1000x827-1.jpg 1000w, https:\/\/bulentozalp.com\/wp-content\/uploads\/2020\/07\/portre-fotograf-cekimi-ilber-ortayli-portre-fotograf-cekimi-atlas-dergisi-bulent-ozalp-1000x827-1-300x248.jpg 300w, https:\/\/bulentozalp.com\/wp-content\/uploads\/2020\/07\/portre-fotograf-cekimi-ilber-ortayli-portre-fotograf-cekimi-atlas-dergisi-bulent-ozalp-1000x827-1-768x635.jpg 768w\" sizes=\"(max-width: 1000px) 100vw, 1000px\" \/><\/a>\n\t\t\t<\/dt><\/dl><dl class='gallery-item masonry-item'>\n\t\t\t<dt class='gallery-icon portrait'>\n\t\t\t\t<a data-fancybox=\"colibri-1908-c8-group\" href='https:\/\/bulentozalp.com\/wp-content\/uploads\/2020\/07\/portre-fotograf-cekimi-danilo-zanna-asc\u0131-italyan-mutfagi-portre-fotograf-cekimi-bulent-ozalp-777x1000-001.jpg'><img  width=\"777\" height=\"1000\" src=\"https:\/\/bulentozalp.com\/wp-content\/uploads\/2020\/07\/portre-fotograf-cekimi-danilo-zanna-asc\u0131-italyan-mutfagi-portre-fotograf-cekimi-bulent-ozalp-777x1000-001.jpg\"  class='colibri-1908-c8-image' alt=\"\" loading=\"lazy\" srcset=\"https:\/\/bulentozalp.com\/wp-content\/uploads\/2020\/07\/portre-fotograf-cekimi-danilo-zanna-asc\u0131-italyan-mutfagi-portre-fotograf-cekimi-bulent-ozalp-777x1000-001.jpg 777w, https:\/\/bulentozalp.com\/wp-content\/uploads\/2020\/07\/portre-fotograf-cekimi-danilo-zanna-asc\u0131-italyan-mutfagi-portre-fotograf-cekimi-bulent-ozalp-777x1000-001-233x300.jpg 233w, https:\/\/bulentozalp.com\/wp-content\/uploads\/2020\/07\/portre-fotograf-cekimi-danilo-zanna-asc\u0131-italyan-mutfagi-portre-fotograf-cekimi-bulent-ozalp-777x1000-001-768x988.jpg 768w\" sizes=\"(max-width: 777px) 100vw, 777px\" \/><\/a>\n\t\t\t<\/dt><\/dl><dl class='gallery-item masonry-item'>\n\t\t\t<dt class='gallery-icon portrait'>\n\t\t\t\t<a data-fancybox=\"colibri-1908-c8-group\" href='https:\/\/bulentozalp.com\/wp-content\/uploads\/2020\/06\/portre-fotograf-cekimi-sisecam-bursa-fabrika-portre-cekimi-fotograf-776x900-1.jpg'><img  width=\"776\" height=\"900\" src=\"https:\/\/bulentozalp.com\/wp-content\/uploads\/2020\/06\/portre-fotograf-cekimi-sisecam-bursa-fabrika-portre-cekimi-fotograf-776x900-1.jpg\"  class='colibri-1908-c8-image' alt=\"\" loading=\"lazy\" srcset=\"https:\/\/bulentozalp.com\/wp-content\/uploads\/2020\/06\/portre-fotograf-cekimi-sisecam-bursa-fabrika-portre-cekimi-fotograf-776x900-1.jpg 776w, https:\/\/bulentozalp.com\/wp-content\/uploads\/2020\/06\/portre-fotograf-cekimi-sisecam-bursa-fabrika-portre-cekimi-fotograf-776x900-1-259x300.jpg 259w, https:\/\/bulentozalp.com\/wp-content\/uploads\/2020\/06\/portre-fotograf-cekimi-sisecam-bursa-fabrika-portre-cekimi-fotograf-776x900-1-768x891.jpg 768w\" sizes=\"(max-width: 776px) 100vw, 776px\" \/><\/a>\n\t\t\t<\/dt><\/dl><dl class='gallery-item masonry-item'>\n\t\t\t<dt class='gallery-icon landscape'>\n\t\t\t\t<a data-fancybox=\"colibri-1908-c8-group\" href='https:\/\/bulentozalp.com\/wp-content\/uploads\/2020\/07\/cropped-simge-sahin-portre-fotograf-cekimi-733x1100-1.jpg'><img  width=\"733\" height=\"490\" src=\"https:\/\/bulentozalp.com\/wp-content\/uploads\/2020\/07\/cropped-simge-sahin-portre-fotograf-cekimi-733x1100-1.jpg\"  class='colibri-1908-c8-image' alt=\"\" loading=\"lazy\" srcset=\"https:\/\/bulentozalp.com\/wp-content\/uploads\/2020\/07\/cropped-simge-sahin-portre-fotograf-cekimi-733x1100-1.jpg 733w, https:\/\/bulentozalp.com\/wp-content\/uploads\/2020\/07\/cropped-simge-sahin-portre-fotograf-cekimi-733x1100-1-300x201.jpg 300w\" sizes=\"(max-width: 733px) 100vw, 733px\" \/><\/a>\n\t\t\t<\/dt><\/dl><dl class='gallery-item masonry-item'>\n\t\t\t<dt class='gallery-icon portrait'>\n\t\t\t\t<a data-fancybox=\"colibri-1908-c8-group\" href='https:\/\/bulentozalp.com\/wp-content\/uploads\/2020\/07\/portre-fotograf-cekimi-624x900-1.jpg'><img  width=\"624\" height=\"900\" src=\"https:\/\/bulentozalp.com\/wp-content\/uploads\/2020\/07\/portre-fotograf-cekimi-624x900-1.jpg\"  class='colibri-1908-c8-image' alt=\"\" loading=\"lazy\" srcset=\"https:\/\/bulentozalp.com\/wp-content\/uploads\/2020\/07\/portre-fotograf-cekimi-624x900-1.jpg 624w, https:\/\/bulentozalp.com\/wp-content\/uploads\/2020\/07\/portre-fotograf-cekimi-624x900-1-208x300.jpg 208w\" sizes=\"(max-width: 624px) 100vw, 624px\" \/><\/a>\n\t\t\t<\/dt><\/dl><dl class='gallery-item masonry-item'>\n\t\t\t<dt class='gallery-icon portrait'>\n\t\t\t\t<a data-fancybox=\"colibri-1908-c8-group\" href='https:\/\/bulentozalp.com\/wp-content\/uploads\/2020\/07\/takas-bank-portre-fotograf-cekimi-677x900-677x900-1.jpg'><img  width=\"677\" height=\"900\" src=\"https:\/\/bulentozalp.com\/wp-content\/uploads\/2020\/07\/takas-bank-portre-fotograf-cekimi-677x900-677x900-1.jpg\"  class='colibri-1908-c8-image' alt=\"\" loading=\"lazy\" srcset=\"https:\/\/bulentozalp.com\/wp-content\/uploads\/2020\/07\/takas-bank-portre-fotograf-cekimi-677x900-677x900-1.jpg 677w, https:\/\/bulentozalp.com\/wp-content\/uploads\/2020\/07\/takas-bank-portre-fotograf-cekimi-677x900-677x900-1-226x300.jpg 226w\" sizes=\"(max-width: 677px) 100vw, 677px\" \/><\/a>\n\t\t\t<\/dt><\/dl><dl class='gallery-item masonry-item'>\n\t\t\t<dt class='gallery-icon portrait'>\n\t\t\t\t<a data-fancybox=\"colibri-1908-c8-group\" href='https:\/\/bulentozalp.com\/wp-content\/uploads\/2020\/07\/takas-bank-portre-fotograf-cekimi-657x900-1.jpg'><img  width=\"657\" height=\"900\" src=\"https:\/\/bulentozalp.com\/wp-content\/uploads\/2020\/07\/takas-bank-portre-fotograf-cekimi-657x900-1.jpg\"  class='colibri-1908-c8-image' alt=\"\" loading=\"lazy\" srcset=\"https:\/\/bulentozalp.com\/wp-content\/uploads\/2020\/07\/takas-bank-portre-fotograf-cekimi-657x900-1.jpg 657w, https:\/\/bulentozalp.com\/wp-content\/uploads\/2020\/07\/takas-bank-portre-fotograf-cekimi-657x900-1-219x300.jpg 219w\" sizes=\"(max-width: 657px) 100vw, 657px\" \/><\/a>\n\t\t\t<\/dt><\/dl><dl class='gallery-item masonry-item'>\n\t\t\t<dt class='gallery-icon portrait'>\n\t\t\t\t<a data-fancybox=\"colibri-1908-c8-group\" href='https:\/\/bulentozalp.com\/wp-content\/uploads\/2020\/07\/takas-bank-portre-fotograf-cekimi-600x900-1.jpg'><img  width=\"600\" height=\"900\" src=\"https:\/\/bulentozalp.com\/wp-content\/uploads\/2020\/07\/takas-bank-portre-fotograf-cekimi-600x900-1.jpg\"  class='colibri-1908-c8-image' alt=\"\" loading=\"lazy\" srcset=\"https:\/\/bulentozalp.com\/wp-content\/uploads\/2020\/07\/takas-bank-portre-fotograf-cekimi-600x900-1.jpg 600w, https:\/\/bulentozalp.com\/wp-content\/uploads\/2020\/07\/takas-bank-portre-fotograf-cekimi-600x900-1-200x300.jpg 200w\" sizes=\"(max-width: 600px) 100vw, 600px\" \/><\/a>\n\t\t\t<\/dt><\/dl><dl class='gallery-item masonry-item'>\n\t\t\t<dt class='gallery-icon portrait'>\n\t\t\t\t<a data-fancybox=\"colibri-1908-c8-group\" href='https:\/\/bulentozalp.com\/wp-content\/uploads\/2020\/07\/portre-fotograf-cekimi-takas-bank-portre-fotograf-cekimi-673x900-1.jpg'><img  width=\"673\" height=\"900\" src=\"https:\/\/bulentozalp.com\/wp-content\/uploads\/2020\/07\/portre-fotograf-cekimi-takas-bank-portre-fotograf-cekimi-673x900-1.jpg\"  class='colibri-1908-c8-image' alt=\"\" loading=\"lazy\" srcset=\"https:\/\/bulentozalp.com\/wp-content\/uploads\/2020\/07\/portre-fotograf-cekimi-takas-bank-portre-fotograf-cekimi-673x900-1.jpg 673w, https:\/\/bulentozalp.com\/wp-content\/uploads\/2020\/07\/portre-fotograf-cekimi-takas-bank-portre-fotograf-cekimi-673x900-1-224x300.jpg 224w\" sizes=\"(max-width: 673px) 100vw, 673px\" \/><\/a>\n\t\t\t<\/dt><\/dl><dl class='gallery-item masonry-item'>\n\t\t\t<dt class='gallery-icon portrait'>\n\t\t\t\t<a data-fancybox=\"colibri-1908-c8-group\" href='https:\/\/bulentozalp.com\/wp-content\/uploads\/2020\/07\/portre-fotograf-cekimi-takas-bank-portre-fotograf-cekimi-625x900-1.jpg'><img  width=\"625\" height=\"900\" src=\"https:\/\/bulentozalp.com\/wp-content\/uploads\/2020\/07\/portre-fotograf-cekimi-takas-bank-portre-fotograf-cekimi-625x900-1.jpg\"  class='colibri-1908-c8-image' alt=\"\" loading=\"lazy\" srcset=\"https:\/\/bulentozalp.com\/wp-content\/uploads\/2020\/07\/portre-fotograf-cekimi-takas-bank-portre-fotograf-cekimi-625x900-1.jpg 625w, https:\/\/bulentozalp.com\/wp-content\/uploads\/2020\/07\/portre-fotograf-cekimi-takas-bank-portre-fotograf-cekimi-625x900-1-208x300.jpg 208w\" sizes=\"(max-width: 625px) 100vw, 625px\" \/><\/a>\n\t\t\t<\/dt><\/dl><dl class='gallery-item masonry-item'>\n\t\t\t<dt class='gallery-icon portrait'>\n\t\t\t\t<a data-fancybox=\"colibri-1908-c8-group\" href='https:\/\/bulentozalp.com\/wp-content\/uploads\/2020\/07\/portre-fotograf-cekimi-takas-bank-portre-fotograf-cekimi-620x900-1.jpg'><img  width=\"620\" height=\"900\" src=\"https:\/\/bulentozalp.com\/wp-content\/uploads\/2020\/07\/portre-fotograf-cekimi-takas-bank-portre-fotograf-cekimi-620x900-1.jpg\"  class='colibri-1908-c8-image' alt=\"\" loading=\"lazy\" srcset=\"https:\/\/bulentozalp.com\/wp-content\/uploads\/2020\/07\/portre-fotograf-cekimi-takas-bank-portre-fotograf-cekimi-620x900-1.jpg 620w, https:\/\/bulentozalp.com\/wp-content\/uploads\/2020\/07\/portre-fotograf-cekimi-takas-bank-portre-fotograf-cekimi-620x900-1-207x300.jpg 207w\" sizes=\"(max-width: 620px) 100vw, 620px\" \/><\/a>\n\t\t\t<\/dt><\/dl><dl class='gallery-item masonry-item'>\n\t\t\t<dt class='gallery-icon portrait'>\n\t\t\t\t<a data-fancybox=\"colibri-1908-c8-group\" href='https:\/\/bulentozalp.com\/wp-content\/uploads\/2020\/07\/portre-fotograf-cekimi-takas-bank-portre-fotograf-cekimi-618x900-1.jpg'><img  width=\"618\" height=\"900\" src=\"https:\/\/bulentozalp.com\/wp-content\/uploads\/2020\/07\/portre-fotograf-cekimi-takas-bank-portre-fotograf-cekimi-618x900-1.jpg\"  class='colibri-1908-c8-image' alt=\"\" loading=\"lazy\" srcset=\"https:\/\/bulentozalp.com\/wp-content\/uploads\/2020\/07\/portre-fotograf-cekimi-takas-bank-portre-fotograf-cekimi-618x900-1.jpg 618w, https:\/\/bulentozalp.com\/wp-content\/uploads\/2020\/07\/portre-fotograf-cekimi-takas-bank-portre-fotograf-cekimi-618x900-1-206x300.jpg 206w\" sizes=\"(max-width: 618px) 100vw, 618px\" \/><\/a>\n\t\t\t<\/dt><\/dl><dl class='gallery-item masonry-item'>\n\t\t\t<dt class='gallery-icon portrait'>\n\t\t\t\t<a data-fancybox=\"colibri-1908-c8-group\" href='https:\/\/bulentozalp.com\/wp-content\/uploads\/2020\/07\/portre-fotograf-cekimi-dogus-otomotiv-fotograf-cekimi-848x1100-789x1024-1.jpg'><img  width=\"789\" height=\"1024\" src=\"https:\/\/bulentozalp.com\/wp-content\/uploads\/2020\/07\/portre-fotograf-cekimi-dogus-otomotiv-fotograf-cekimi-848x1100-789x1024-1.jpg\"  class='colibri-1908-c8-image' alt=\"\" loading=\"lazy\" srcset=\"https:\/\/bulentozalp.com\/wp-content\/uploads\/2020\/07\/portre-fotograf-cekimi-dogus-otomotiv-fotograf-cekimi-848x1100-789x1024-1.jpg 789w, https:\/\/bulentozalp.com\/wp-content\/uploads\/2020\/07\/portre-fotograf-cekimi-dogus-otomotiv-fotograf-cekimi-848x1100-789x1024-1-231x300.jpg 231w, https:\/\/bulentozalp.com\/wp-content\/uploads\/2020\/07\/portre-fotograf-cekimi-dogus-otomotiv-fotograf-cekimi-848x1100-789x1024-1-768x997.jpg 768w\" sizes=\"(max-width: 789px) 100vw, 789px\" \/><\/a>\n\t\t\t<\/dt><\/dl><dl class='gallery-item masonry-item'>\n\t\t\t<dt class='gallery-icon portrait'>\n\t\t\t\t<a data-fancybox=\"colibri-1908-c8-group\" href='https:\/\/bulentozalp.com\/wp-content\/uploads\/2020\/07\/portre-fotograf-cekimi-dogus-otomotiv-fotograf-cekimi-685x1100-1.jpg'><img  width=\"638\" height=\"1024\" src=\"https:\/\/bulentozalp.com\/wp-content\/uploads\/2020\/07\/portre-fotograf-cekimi-dogus-otomotiv-fotograf-cekimi-685x1100-1-638x1024.jpg\"  class='colibri-1908-c8-image' alt=\"\" loading=\"lazy\" srcset=\"https:\/\/bulentozalp.com\/wp-content\/uploads\/2020\/07\/portre-fotograf-cekimi-dogus-otomotiv-fotograf-cekimi-685x1100-1-638x1024.jpg 638w, https:\/\/bulentozalp.com\/wp-content\/uploads\/2020\/07\/portre-fotograf-cekimi-dogus-otomotiv-fotograf-cekimi-685x1100-1-187x300.jpg 187w, https:\/\/bulentozalp.com\/wp-content\/uploads\/2020\/07\/portre-fotograf-cekimi-dogus-otomotiv-fotograf-cekimi-685x1100-1.jpg 685w\" sizes=\"(max-width: 638px) 100vw, 638px\" \/><\/a>\n\t\t\t<\/dt><\/dl><dl class='gallery-item masonry-item'>\n\t\t\t<dt class='gallery-icon portrait'>\n\t\t\t\t<a data-fancybox=\"colibri-1908-c8-group\" href='https:\/\/bulentozalp.com\/wp-content\/uploads\/2020\/07\/portre-fotograf-cekimi-sisecam-portre-fotograf-cekimi-bulent-ozalp-2-581x900-1.jpg'><img  width=\"581\" height=\"900\" src=\"https:\/\/bulentozalp.com\/wp-content\/uploads\/2020\/07\/portre-fotograf-cekimi-sisecam-portre-fotograf-cekimi-bulent-ozalp-2-581x900-1.jpg\"  class='colibri-1908-c8-image' alt=\"\" loading=\"lazy\" srcset=\"https:\/\/bulentozalp.com\/wp-content\/uploads\/2020\/07\/portre-fotograf-cekimi-sisecam-portre-fotograf-cekimi-bulent-ozalp-2-581x900-1.jpg 581w, https:\/\/bulentozalp.com\/wp-content\/uploads\/2020\/07\/portre-fotograf-cekimi-sisecam-portre-fotograf-cekimi-bulent-ozalp-2-581x900-1-194x300.jpg 194w\" sizes=\"(max-width: 581px) 100vw, 581px\" \/><\/a>\n\t\t\t<\/dt><\/dl><dl class='gallery-item masonry-item'>\n\t\t\t<dt class='gallery-icon portrait'>\n\t\t\t\t<a data-fancybox=\"colibri-1908-c8-group\" href='https:\/\/bulentozalp.com\/wp-content\/uploads\/2020\/07\/portre-fotograf-cekimi-sisecam-portre-fotograf-cekimi-bulent-ozalp-2-600x900-1.jpg'><img  width=\"600\" height=\"900\" src=\"https:\/\/bulentozalp.com\/wp-content\/uploads\/2020\/07\/portre-fotograf-cekimi-sisecam-portre-fotograf-cekimi-bulent-ozalp-2-600x900-1.jpg\"  class='colibri-1908-c8-image' alt=\"\" loading=\"lazy\" srcset=\"https:\/\/bulentozalp.com\/wp-content\/uploads\/2020\/07\/portre-fotograf-cekimi-sisecam-portre-fotograf-cekimi-bulent-ozalp-2-600x900-1.jpg 600w, https:\/\/bulentozalp.com\/wp-content\/uploads\/2020\/07\/portre-fotograf-cekimi-sisecam-portre-fotograf-cekimi-bulent-ozalp-2-600x900-1-200x300.jpg 200w\" sizes=\"(max-width: 600px) 100vw, 600px\" \/><\/a>\n\t\t\t<\/dt><\/dl><dl class='gallery-item masonry-item'>\n\t\t\t<dt class='gallery-icon landscape'>\n\t\t\t\t<a data-fancybox=\"colibri-1908-c8-group\" href='https:\/\/bulentozalp.com\/wp-content\/uploads\/2020\/07\/portre-fotograf-cekimi-yacht-turkiye-portre-cekimi-fotograf-bulent-ozalp-1000-960.jpg'><img  width=\"1000\" height=\"960\" src=\"https:\/\/bulentozalp.com\/wp-content\/uploads\/2020\/07\/portre-fotograf-cekimi-yacht-turkiye-portre-cekimi-fotograf-bulent-ozalp-1000-960.jpg\"  class='colibri-1908-c8-image' alt=\"\" loading=\"lazy\" srcset=\"https:\/\/bulentozalp.com\/wp-content\/uploads\/2020\/07\/portre-fotograf-cekimi-yacht-turkiye-portre-cekimi-fotograf-bulent-ozalp-1000-960.jpg 1000w, https:\/\/bulentozalp.com\/wp-content\/uploads\/2020\/07\/portre-fotograf-cekimi-yacht-turkiye-portre-cekimi-fotograf-bulent-ozalp-1000-960-300x288.jpg 300w, https:\/\/bulentozalp.com\/wp-content\/uploads\/2020\/07\/portre-fotograf-cekimi-yacht-turkiye-portre-cekimi-fotograf-bulent-ozalp-1000-960-768x737.jpg 768w\" sizes=\"(max-width: 1000px) 100vw, 1000px\" \/><\/a>\n\t\t\t<\/dt><\/dl><dl class='gallery-item masonry-item'>\n\t\t\t<dt class='gallery-icon portrait'>\n\t\t\t\t<a data-fancybox=\"colibri-1908-c8-group\" href='https:\/\/bulentozalp.com\/wp-content\/uploads\/2020\/07\/portre-fotograf-cekimi-sisecam-bursa-fabrika-portre-cekimi-fotograf-776x900-1.jpg'><img  width=\"776\" height=\"900\" src=\"https:\/\/bulentozalp.com\/wp-content\/uploads\/2020\/07\/portre-fotograf-cekimi-sisecam-bursa-fabrika-portre-cekimi-fotograf-776x900-1.jpg\"  class='colibri-1908-c8-image' alt=\"\" loading=\"lazy\" srcset=\"https:\/\/bulentozalp.com\/wp-content\/uploads\/2020\/07\/portre-fotograf-cekimi-sisecam-bursa-fabrika-portre-cekimi-fotograf-776x900-1.jpg 776w, https:\/\/bulentozalp.com\/wp-content\/uploads\/2020\/07\/portre-fotograf-cekimi-sisecam-bursa-fabrika-portre-cekimi-fotograf-776x900-1-259x300.jpg 259w, https:\/\/bulentozalp.com\/wp-content\/uploads\/2020\/07\/portre-fotograf-cekimi-sisecam-bursa-fabrika-portre-cekimi-fotograf-776x900-1-768x891.jpg 768w\" sizes=\"(max-width: 776px) 100vw, 776px\" \/><\/a>\n\t\t\t<\/dt><\/dl><dl class='gallery-item masonry-item'>\n\t\t\t<dt class='gallery-icon portrait'>\n\t\t\t\t<a data-fancybox=\"colibri-1908-c8-group\" href='https:\/\/bulentozalp.com\/wp-content\/uploads\/2020\/07\/portre-fotograf-cekimi-Pera-muzesi-atlas-tarih-dergisi-portre-cekimi-bulent-ozalp-800x619-1.jpg'><img  width=\"619\" height=\"800\" src=\"https:\/\/bulentozalp.com\/wp-content\/uploads\/2020\/07\/portre-fotograf-cekimi-Pera-muzesi-atlas-tarih-dergisi-portre-cekimi-bulent-ozalp-800x619-1.jpg\"  class='colibri-1908-c8-image' alt=\"\" loading=\"lazy\" srcset=\"https:\/\/bulentozalp.com\/wp-content\/uploads\/2020\/07\/portre-fotograf-cekimi-Pera-muzesi-atlas-tarih-dergisi-portre-cekimi-bulent-ozalp-800x619-1.jpg 619w, https:\/\/bulentozalp.com\/wp-content\/uploads\/2020\/07\/portre-fotograf-cekimi-Pera-muzesi-atlas-tarih-dergisi-portre-cekimi-bulent-ozalp-800x619-1-232x300.jpg 232w\" sizes=\"(max-width: 619px) 100vw, 619px\" \/><\/a>\n\t\t\t<\/dt><\/dl><dl class='gallery-item masonry-item'>\n\t\t\t<dt class='gallery-icon landscape'>\n\t\t\t\t<a data-fancybox=\"colibri-1908-c8-group\" href='https:\/\/bulentozalp.com\/wp-content\/uploads\/2020\/07\/portre-fotograf-cekimi-necdet-sakaoglu-portre-fotograf-cekimi-atlas-tarih-bulent-ozalp-1000x743-1.jpg'><img  width=\"1000\" height=\"743\" src=\"https:\/\/bulentozalp.com\/wp-content\/uploads\/2020\/07\/portre-fotograf-cekimi-necdet-sakaoglu-portre-fotograf-cekimi-atlas-tarih-bulent-ozalp-1000x743-1.jpg\"  class='colibri-1908-c8-image' alt=\"\" loading=\"lazy\" srcset=\"https:\/\/bulentozalp.com\/wp-content\/uploads\/2020\/07\/portre-fotograf-cekimi-necdet-sakaoglu-portre-fotograf-cekimi-atlas-tarih-bulent-ozalp-1000x743-1.jpg 1000w, https:\/\/bulentozalp.com\/wp-content\/uploads\/2020\/07\/portre-fotograf-cekimi-necdet-sakaoglu-portre-fotograf-cekimi-atlas-tarih-bulent-ozalp-1000x743-1-300x223.jpg 300w, https:\/\/bulentozalp.com\/wp-content\/uploads\/2020\/07\/portre-fotograf-cekimi-necdet-sakaoglu-portre-fotograf-cekimi-atlas-tarih-bulent-ozalp-1000x743-1-768x571.jpg 768w\" sizes=\"(max-width: 1000px) 100vw, 1000px\" \/><\/a>\n\t\t\t<\/dt><\/dl><dl class='gallery-item masonry-item'>\n\t\t\t<dt class='gallery-icon landscape'>\n\t\t\t\t<a data-fancybox=\"colibri-1908-c8-group\" href='https:\/\/bulentozalp.com\/wp-content\/uploads\/2020\/07\/portre-fotograf-cekimi-mahir-gunsiray-baluna-kalamis-marina-portre-cekimi-fotograf-yatch-turkiye-dergisi-bulent-ozalp-1000x572-1.jpg'><img  width=\"1000\" height=\"572\" src=\"https:\/\/bulentozalp.com\/wp-content\/uploads\/2020\/07\/portre-fotograf-cekimi-mahir-gunsiray-baluna-kalamis-marina-portre-cekimi-fotograf-yatch-turkiye-dergisi-bulent-ozalp-1000x572-1.jpg\"  class='colibri-1908-c8-image' alt=\"\" loading=\"lazy\" srcset=\"https:\/\/bulentozalp.com\/wp-content\/uploads\/2020\/07\/portre-fotograf-cekimi-mahir-gunsiray-baluna-kalamis-marina-portre-cekimi-fotograf-yatch-turkiye-dergisi-bulent-ozalp-1000x572-1.jpg 1000w, https:\/\/bulentozalp.com\/wp-content\/uploads\/2020\/07\/portre-fotograf-cekimi-mahir-gunsiray-baluna-kalamis-marina-portre-cekimi-fotograf-yatch-turkiye-dergisi-bulent-ozalp-1000x572-1-300x172.jpg 300w, https:\/\/bulentozalp.com\/wp-content\/uploads\/2020\/07\/portre-fotograf-cekimi-mahir-gunsiray-baluna-kalamis-marina-portre-cekimi-fotograf-yatch-turkiye-dergisi-bulent-ozalp-1000x572-1-768x439.jpg 768w\" sizes=\"(max-width: 1000px) 100vw, 1000px\" \/><\/a>\n\t\t\t<\/dt><\/dl><dl class='gallery-item masonry-item'>\n\t\t\t<dt class='gallery-icon portrait'>\n\t\t\t\t<a data-fancybox=\"colibri-1908-c8-group\" href='https:\/\/bulentozalp.com\/wp-content\/uploads\/2020\/07\/portre-fotograf-cekimi-erol-uyepazarci-mike-hummer-koleksiyoner-portre-fotograf-cekimi-bulent-ozalp-720x1000-1.jpg'><img  width=\"720\" height=\"1000\" src=\"https:\/\/bulentozalp.com\/wp-content\/uploads\/2020\/07\/portre-fotograf-cekimi-erol-uyepazarci-mike-hummer-koleksiyoner-portre-fotograf-cekimi-bulent-ozalp-720x1000-1.jpg\"  class='colibri-1908-c8-image' alt=\"\" loading=\"lazy\" srcset=\"https:\/\/bulentozalp.com\/wp-content\/uploads\/2020\/07\/portre-fotograf-cekimi-erol-uyepazarci-mike-hummer-koleksiyoner-portre-fotograf-cekimi-bulent-ozalp-720x1000-1.jpg 720w, https:\/\/bulentozalp.com\/wp-content\/uploads\/2020\/07\/portre-fotograf-cekimi-erol-uyepazarci-mike-hummer-koleksiyoner-portre-fotograf-cekimi-bulent-ozalp-720x1000-1-216x300.jpg 216w\" sizes=\"(max-width: 720px) 100vw, 720px\" \/><\/a>\n\t\t\t<\/dt><\/dl><dl class='gallery-item masonry-item'>\n\t\t\t<dt class='gallery-icon landscape'>\n\t\t\t\t<a data-fancybox=\"colibri-1908-c8-group\" href='https:\/\/bulentozalp.com\/wp-content\/uploads\/2020\/07\/portre-fotograf-cekimi-cagatay-guney-luponun-secimi-portre-fotograf-cekimi-atlas-tarih-bulent-ozalp-1000x622-1.jpg'><img  width=\"1000\" height=\"622\" src=\"https:\/\/bulentozalp.com\/wp-content\/uploads\/2020\/07\/portre-fotograf-cekimi-cagatay-guney-luponun-secimi-portre-fotograf-cekimi-atlas-tarih-bulent-ozalp-1000x622-1.jpg\"  class='colibri-1908-c8-image' alt=\"\" loading=\"lazy\" srcset=\"https:\/\/bulentozalp.com\/wp-content\/uploads\/2020\/07\/portre-fotograf-cekimi-cagatay-guney-luponun-secimi-portre-fotograf-cekimi-atlas-tarih-bulent-ozalp-1000x622-1.jpg 1000w, https:\/\/bulentozalp.com\/wp-content\/uploads\/2020\/07\/portre-fotograf-cekimi-cagatay-guney-luponun-secimi-portre-fotograf-cekimi-atlas-tarih-bulent-ozalp-1000x622-1-300x187.jpg 300w, https:\/\/bulentozalp.com\/wp-content\/uploads\/2020\/07\/portre-fotograf-cekimi-cagatay-guney-luponun-secimi-portre-fotograf-cekimi-atlas-tarih-bulent-ozalp-1000x622-1-768x478.jpg 768w\" sizes=\"(max-width: 1000px) 100vw, 1000px\" \/><\/a>\n\t\t\t<\/dt><\/dl><dl class='gallery-item masonry-item'>\n\t\t\t<dt class='gallery-icon portrait'>\n\t\t\t\t<a data-fancybox=\"colibri-1908-c8-group\" href='https:\/\/bulentozalp.com\/wp-content\/uploads\/2020\/07\/portre-fotograf-cekimi-sisecam-bursa-fabrika-portre-cekimi-fotograf-691x900-1.jpg'><img  width=\"691\" height=\"900\" src=\"https:\/\/bulentozalp.com\/wp-content\/uploads\/2020\/07\/portre-fotograf-cekimi-sisecam-bursa-fabrika-portre-cekimi-fotograf-691x900-1.jpg\"  class='colibri-1908-c8-image' alt=\"\" loading=\"lazy\" srcset=\"https:\/\/bulentozalp.com\/wp-content\/uploads\/2020\/07\/portre-fotograf-cekimi-sisecam-bursa-fabrika-portre-cekimi-fotograf-691x900-1.jpg 691w, https:\/\/bulentozalp.com\/wp-content\/uploads\/2020\/07\/portre-fotograf-cekimi-sisecam-bursa-fabrika-portre-cekimi-fotograf-691x900-1-230x300.jpg 230w\" sizes=\"(max-width: 691px) 100vw, 691px\" \/><\/a>\n\t\t\t<\/dt><\/dl><dl class='gallery-item masonry-item'>\n\t\t\t<dt class='gallery-icon portrait'>\n\t\t\t\t<a data-fancybox=\"colibri-1908-c8-group\" href='https:\/\/bulentozalp.com\/wp-content\/uploads\/2020\/07\/portre-fotograf-cekimi-sisecam-bursa-fabrika-portre-cekimi-fotograf-822x900-822x900-1.jpg'><img  width=\"822\" height=\"900\" src=\"https:\/\/bulentozalp.com\/wp-content\/uploads\/2020\/07\/portre-fotograf-cekimi-sisecam-bursa-fabrika-portre-cekimi-fotograf-822x900-822x900-1.jpg\"  class='colibri-1908-c8-image' alt=\"\" loading=\"lazy\" srcset=\"https:\/\/bulentozalp.com\/wp-content\/uploads\/2020\/07\/portre-fotograf-cekimi-sisecam-bursa-fabrika-portre-cekimi-fotograf-822x900-822x900-1.jpg 822w, https:\/\/bulentozalp.com\/wp-content\/uploads\/2020\/07\/portre-fotograf-cekimi-sisecam-bursa-fabrika-portre-cekimi-fotograf-822x900-822x900-1-274x300.jpg 274w, https:\/\/bulentozalp.com\/wp-content\/uploads\/2020\/07\/portre-fotograf-cekimi-sisecam-bursa-fabrika-portre-cekimi-fotograf-822x900-822x900-1-768x841.jpg 768w\" sizes=\"(max-width: 822px) 100vw, 822px\" \/><\/a>\n\t\t\t<\/dt><\/dl><dl class='gallery-item masonry-item'>\n\t\t\t<dt class='gallery-icon portrait'>\n\t\t\t\t<a data-fancybox=\"colibri-1908-c8-group\" href='https:\/\/bulentozalp.com\/wp-content\/uploads\/2020\/07\/portre-fotograf-cekimi-sisecam-bursa-fabrika-portre-cekimi-fotograf-749x900-1.jpg'><img  width=\"742\" height=\"900\" src=\"https:\/\/bulentozalp.com\/wp-content\/uploads\/2020\/07\/portre-fotograf-cekimi-sisecam-bursa-fabrika-portre-cekimi-fotograf-749x900-1.jpg\"  class='colibri-1908-c8-image' alt=\"\" loading=\"lazy\" srcset=\"https:\/\/bulentozalp.com\/wp-content\/uploads\/2020\/07\/portre-fotograf-cekimi-sisecam-bursa-fabrika-portre-cekimi-fotograf-749x900-1.jpg 742w, https:\/\/bulentozalp.com\/wp-content\/uploads\/2020\/07\/portre-fotograf-cekimi-sisecam-bursa-fabrika-portre-cekimi-fotograf-749x900-1-247x300.jpg 247w\" sizes=\"(max-width: 742px) 100vw, 742px\" \/><\/a>\n\t\t\t<\/dt><\/dl><dl class='gallery-item masonry-item'>\n\t\t\t<dt class='gallery-icon landscape'>\n\t\t\t\t<a data-fancybox=\"colibri-1908-c8-group\" href='https:\/\/bulentozalp.com\/wp-content\/uploads\/2020\/06\/orhan-pamuk-atlas-dergisi-Times-Weekend-portre-bulent-ozalp-photography-1619985-1200x730-1.jpg'><img  width=\"1024\" height=\"623\" src=\"https:\/\/bulentozalp.com\/wp-content\/uploads\/2020\/06\/orhan-pamuk-atlas-dergisi-Times-Weekend-portre-bulent-ozalp-photography-1619985-1200x730-1-1024x623.jpg\"  class='colibri-1908-c8-image' alt=\"\" loading=\"lazy\" srcset=\"https:\/\/bulentozalp.com\/wp-content\/uploads\/2020\/06\/orhan-pamuk-atlas-dergisi-Times-Weekend-portre-bulent-ozalp-photography-1619985-1200x730-1-1024x623.jpg 1024w, https:\/\/bulentozalp.com\/wp-content\/uploads\/2020\/06\/orhan-pamuk-atlas-dergisi-Times-Weekend-portre-bulent-ozalp-photography-1619985-1200x730-1-300x183.jpg 300w, https:\/\/bulentozalp.com\/wp-content\/uploads\/2020\/06\/orhan-pamuk-atlas-dergisi-Times-Weekend-portre-bulent-ozalp-photography-1619985-1200x730-1-768x467.jpg 768w, https:\/\/bulentozalp.com\/wp-content\/uploads\/2020\/06\/orhan-pamuk-atlas-dergisi-Times-Weekend-portre-bulent-ozalp-photography-1619985-1200x730-1.jpg 1200w\" sizes=\"(max-width: 1024px) 100vw, 1024px\" \/><\/a>\n\t\t\t<\/dt><\/dl>\n\t\t<\/div>\n<style>#colibri-1908-c8 .wp-caption-text.gallery-caption{display:none;}<\/style><\/div><\/div>\n                <\/div>\n              <\/div>\n            <\/div>\n          <\/div>\n        <\/div>\n      <\/div>\n    <\/div>\n  <\/div>\n<\/div>","protected":false},"excerpt":{"rendered":"<p>PORTRE FOTO\u011eRAFLAR<\/p>\n","protected":false},"author":1,"featured_media":0,"parent":0,"menu_order":0,"comment_status":"closed","ping_status":"closed","template":"page-templates\/full-width-page.php","meta":[],"yoast_head":"<!-- This site is optimized with the Yoast SEO plugin v19.13 - https:\/\/yoast.com\/wordpress\/plugins\/seo\/ -->\n<title>PORTRE FOTO\u011eRAFLAR - ANA MEN\u00dc<\/title>\n<meta name=\"robots\" content=\"index, follow, max-snippet:-1, max-image-preview:large, max-video-preview:-1\" \/>\n<link rel=\"canonical\" href=\"https:\/\/bulentozalp.com\/index.php\/portre-fotograflar\/\" \/>\n<meta property=\"og:locale\" content=\"tr_TR\" \/>\n<meta property=\"og:type\" content=\"article\" \/>\n<meta property=\"og:title\" content=\"PORTRE FOTO\u011eRAFLAR - ANA MEN\u00dc\" \/>\n<meta property=\"og:description\" content=\"PORTRE FOTO\u011eRAFLAR\" \/>\n<meta property=\"og:url\" content=\"https:\/\/bulentozalp.com\/index.php\/portre-fotograflar\/\" \/>\n<meta property=\"og:site_name\" content=\"ANA MEN\u00dc\" \/>\n<meta property=\"article:modified_time\" content=\"2020-07-06T10:34:08+00:00\" \/>\n<meta name=\"twitter:card\" content=\"summary_large_image\" \/>\n<script type=\"application\/ld+json\" class=\"yoast-schema-graph\">{\"@context\":\"https:\/\/schema.org\",\"@graph\":[{\"@type\":\"WebPage\",\"@id\":\"https:\/\/bulentozalp.com\/index.php\/portre-fotograflar\/\",\"url\":\"https:\/\/bulentozalp.com\/index.php\/portre-fotograflar\/\",\"name\":\"PORTRE FOTO\u011eRAFLAR - ANA MEN\u00dc\",\"isPartOf\":{\"@id\":\"https:\/\/bulentozalp.com\/#website\"},\"datePublished\":\"2020-07-06T08:26:22+00:00\",\"dateModified\":\"2020-07-06T10:34:08+00:00\",\"breadcrumb\":{\"@id\":\"https:\/\/bulentozalp.com\/index.php\/portre-fotograflar\/#breadcrumb\"},\"inLanguage\":\"tr\",\"potentialAction\":[{\"@type\":\"ReadAction\",\"target\":[\"https:\/\/bulentozalp.com\/index.php\/portre-fotograflar\/\"]}]},{\"@type\":\"BreadcrumbList\",\"@id\":\"https:\/\/bulentozalp.com\/index.php\/portre-fotograflar\/#breadcrumb\",\"itemListElement\":[{\"@type\":\"ListItem\",\"position\":1,\"name\":\"Ana sayfa\",\"item\":\"https:\/\/bulentozalp.com\/\"},{\"@type\":\"ListItem\",\"position\":2,\"name\":\"PORTRE FOTO\u011eRAFLAR\"}]},{\"@type\":\"WebSite\",\"@id\":\"https:\/\/bulentozalp.com\/#website\",\"url\":\"https:\/\/bulentozalp.com\/\",\"name\":\"ANA MEN\u00dc\",\"description\":\"Kurumsal Foto\u011fraf Video \u00c7ekimi\",\"potentialAction\":[{\"@type\":\"SearchAction\",\"target\":{\"@type\":\"EntryPoint\",\"urlTemplate\":\"https:\/\/bulentozalp.com\/?s={search_term_string}\"},\"query-input\":\"required name=search_term_string\"}],\"inLanguage\":\"tr\"}]}<\/script>\n<!-- \/ Yoast SEO plugin. -->","yoast_head_json":{"title":"PORTRE FOTO\u011eRAFLAR - ANA MEN\u00dc","robots":{"index":"index","follow":"follow","max-snippet":"max-snippet:-1","max-image-preview":"max-image-preview:large","max-video-preview":"max-video-preview:-1"},"canonical":"https:\/\/bulentozalp.com\/index.php\/portre-fotograflar\/","og_locale":"tr_TR","og_type":"article","og_title":"PORTRE FOTO\u011eRAFLAR - ANA MEN\u00dc","og_description":"PORTRE FOTO\u011eRAFLAR","og_url":"https:\/\/bulentozalp.com\/index.php\/portre-fotograflar\/","og_site_name":"ANA MEN\u00dc","article_modified_time":"2020-07-06T10:34:08+00:00","twitter_card":"summary_large_image","schema":{"@context":"https:\/\/schema.org","@graph":[{"@type":"WebPage","@id":"https:\/\/bulentozalp.com\/index.php\/portre-fotograflar\/","url":"https:\/\/bulentozalp.com\/index.php\/portre-fotograflar\/","name":"PORTRE FOTO\u011eRAFLAR - ANA MEN\u00dc","isPartOf":{"@id":"https:\/\/bulentozalp.com\/#website"},"datePublished":"2020-07-06T08:26:22+00:00","dateModified":"2020-07-06T10:34:08+00:00","breadcrumb":{"@id":"https:\/\/bulentozalp.com\/index.php\/portre-fotograflar\/#breadcrumb"},"inLanguage":"tr","potentialAction":[{"@type":"ReadAction","target":["https:\/\/bulentozalp.com\/index.php\/portre-fotograflar\/"]}]},{"@type":"BreadcrumbList","@id":"https:\/\/bulentozalp.com\/index.php\/portre-fotograflar\/#breadcrumb","itemListElement":[{"@type":"ListItem","position":1,"name":"Ana sayfa","item":"https:\/\/bulentozalp.com\/"},{"@type":"ListItem","position":2,"name":"PORTRE FOTO\u011eRAFLAR"}]},{"@type":"WebSite","@id":"https:\/\/bulentozalp.com\/#website","url":"https:\/\/bulentozalp.com\/","name":"ANA MEN\u00dc","description":"Kurumsal Foto\u011fraf Video \u00c7ekimi","potentialAction":[{"@type":"SearchAction","target":{"@type":"EntryPoint","urlTemplate":"https:\/\/bulentozalp.com\/?s={search_term_string}"},"query-input":"required name=search_term_string"}],"inLanguage":"tr"}]}},"_links":{"self":[{"href":"https:\/\/bulentozalp.com\/index.php\/wp-json\/wp\/v2\/pages\/1908"}],"collection":[{"href":"https:\/\/bulentozalp.com\/index.php\/wp-json\/wp\/v2\/pages"}],"about":[{"href":"https:\/\/bulentozalp.com\/index.php\/wp-json\/wp\/v2\/types\/page"}],"author":[{"embeddable":true,"href":"https:\/\/bulentozalp.com\/index.php\/wp-json\/wp\/v2\/users\/1"}],"replies":[{"embeddable":true,"href":"https:\/\/bulentozalp.com\/index.php\/wp-json\/wp\/v2\/comments?post=1908"}],"version-history":[{"count":6,"href":"https:\/\/bulentozalp.com\/index.php\/wp-json\/wp\/v2\/pages\/1908\/revisions"}],"predecessor-version":[{"id":2036,"href":"https:\/\/bulentozalp.com\/index.php\/wp-json\/wp\/v2\/pages\/1908\/revisions\/2036"}],"wp:attachment":[{"href":"https:\/\/bulentozalp.com\/index.php\/wp-json\/wp\/v2\/media?parent=1908"}],"curies":[{"name":"wp","href":"https:\/\/api.w.org\/{rel}","templated":true}]}}